{"id":236825,"date":"2025-03-11T17:33:47","date_gmt":"2025-03-11T17:33:47","guid":{"rendered":"https:\/\/www.rctvinternational.com\/?post_type=product&#038;p=236825"},"modified":"2025-03-11T17:33:50","modified_gmt":"2025-03-11T17:33:50","slug":"pobre-negro","status":"publish","type":"product","link":"https:\/\/www.rctvinternational.com\/en\/product\/pobre-negro\/","title":{"rendered":"Pobre Negro"},"content":{"rendered":"","protected":false},"excerpt":{"rendered":"<p style=\"text-align: justify;\"><img decoding=\"async\" loading=\"lazy\" class=\"alignnone size-medium wp-image-236923\" src=\"https:\/\/www.rctvinternational.com\/wp-content\/uploads\/2024\/12\/Claqueta-Pobre-negro-1-1-226x300.png\" alt=\"\" width=\"226\" height=\"300\" \/><\/p>\n<p style=\"text-align: justify;\"><img decoding=\"async\" loading=\"lazy\" class=\"alignnone size-full wp-image-232350\" src=\"https:\/\/www.rctvinternational.com\/wp-content\/uploads\/2020\/10\/Sinopsis.png\" alt=\"\" width=\"125\" height=\"57\" \/><\/p>\n<p style=\"text-align: justify;\">En una plantaci\u00f3n de cacao en el coraz\u00f3n de Venezuela, en pleno siglo XIX, Pedro Miguel, conocido como <strong>\u2018<\/strong>Negro Malo<strong>\u2019<\/strong> (<strong>Franklin Virg\u00fcez<\/strong>), lucha incansablemente por su libertad. A pesar de que la esclavitud ha sido abolida, el entorno sigue siendo hostil y cruel para el pueblo negro, que contin\u00faa siendo explotado por los terratenientes. Pedro Miguel, marcado por el sufrimiento y las injusticias, sue\u00f1a con una vida en la que pueda ser verdaderamente libre. Sin embargo, el destino le reserva un camino a\u00fan m\u00e1s tortuoso cuando se enamora de Ana Julia Alcorta (<strong>Marlene Maseda<\/strong>), la hija del due\u00f1o de la hacienda.<\/p>\n<p style=\"text-align: justify;\">Ana Julia aspira a ingresar a un convento, pero el destino interviene cuando nace su amor por Pedro Miguel. El romance entre Pedro Miguel y Ana Julia es un amor imposible, condenado desde su inicio por las barreras sociales que dividen sus mundos.<\/p>\n<p style=\"text-align: justify;\">La relaci\u00f3n est\u00e1 plagada de obst\u00e1culos: las normas de una sociedad profundamente racista y las responsabilidades que pesan sobre la familia de Ana Julia. Sin embargo, los dos j\u00f3venes no pueden evitar sucumbir ante la fuerza de sus sentimientos. A medida que su amor crece, tambi\u00e9n lo hacen las tensiones sociales que los rodean, llev\u00e1ndolos\u00a0 a enfrentarse a un sistema que busca mantenerlos separados, a pesar de la pasi\u00f3n que comparten.<\/p>\n<p style=\"text-align: justify;\"><img decoding=\"async\" loading=\"lazy\" class=\"alignnone size-full wp-image-231431\" src=\"https:\/\/www.rctvinternational.com\/wp-content\/uploads\/2020\/04\/deberias-saber-que.jpg\" alt=\"\" width=\"265\" height=\"39\" \/><\/p>\n<p style=\"text-align: justify;\">La telenovela <strong>\u2018<\/strong><strong>Pobre Negro\u2019<\/strong>\u00a0es una adaptaci\u00f3n de la obra hom\u00f3nima de <strong>R\u00f3mulo Gallegos<\/strong>, c\u00e9lebre autor venezolano destacado por retratar las problem\u00e1ticas sociales y pol\u00edticas del pa\u00eds.<\/p>","protected":false},"featured_media":236876,"template":"","meta":{"_et_pb_use_builder":"","_et_pb_old_content":"","_et_gb_content_width":""},"product_cat":[22],"product_tag":[1205,729,745,1214,388,1494,670],"acf":[],"_links":{"self":[{"href":"https:\/\/www.rctvinternational.com\/en\/wp-json\/wp\/v2\/product\/236825"}],"collection":[{"href":"https:\/\/www.rctvinternational.com\/en\/wp-json\/wp\/v2\/product"}],"about":[{"href":"https:\/\/www.rctvinternational.com\/en\/wp-json\/wp\/v2\/types\/product"}],"wp:featuredmedia":[{"embeddable":true,"href":"https:\/\/www.rctvinternational.com\/en\/wp-json\/wp\/v2\/media\/236876"}],"wp:attachment":[{"href":"https:\/\/www.rctvinternational.com\/en\/wp-json\/wp\/v2\/media?parent=236825"}],"wp:term":[{"taxonomy":"product_cat","embeddable":true,"href":"https:\/\/www.rctvinternational.com\/en\/wp-json\/wp\/v2\/product_cat?post=236825"},{"taxonomy":"product_tag","embeddable":true,"href":"https:\/\/www.rctvinternational.com\/en\/wp-json\/wp\/v2\/product_tag?post=236825"}],"curies":[{"name":"wp","href":"https:\/\/api.w.org\/{rel}","templated":true}]}}