{"id":235592,"date":"2024-02-07T19:42:43","date_gmt":"2024-02-07T19:42:43","guid":{"rendered":"https:\/\/www.rctvinternational.com\/?post_type=product&#038;p=235592"},"modified":"2025-05-07T23:39:46","modified_gmt":"2025-05-07T23:39:46","slug":"gomez-i","status":"publish","type":"product","link":"https:\/\/www.rctvinternational.com\/en\/product\/gomez-i\/","title":{"rendered":"G\u00f3mez"},"content":{"rendered":"<div style=\"width: 100%; min-height: 1px;\" id=\"vimeo-wc-video-69f1747c7fb67\" data-js=\"vimeo-wc-video\" data-atts=\"{&quot;autopause&quot;:&quot;true&quot;,&quot;autoplay&quot;:false,&quot;background&quot;:false,&quot;byline&quot;:&quot;true&quot;,&quot;color&quot;:&quot;none&quot;,&quot;controls&quot;:&quot;true&quot;,&quot;dnt&quot;:&quot;true&quot;,&quot;height&quot;:&quot;none&quot;,&quot;id&quot;:false,&quot;loop&quot;:false,&quot;maxheight&quot;:&quot;none&quot;,&quot;maxwidth&quot;:&quot;none&quot;,&quot;muted&quot;:false,&quot;pip&quot;:false,&quot;playsinline&quot;:&quot;true&quot;,&quot;portrait&quot;:&quot;true&quot;,&quot;quality&quot;:&quot;auto&quot;,&quot;responsive&quot;:&quot;true&quot;,&quot;speed&quot;:false,&quot;texttrack&quot;:&quot;none&quot;,&quot;title&quot;:&quot;true&quot;,&quot;transparent&quot;:true,&quot;url&quot;:&quot;https:\\\/\\\/vimeo.com\\\/908376944&quot;,&quot;width&quot;:&quot;none&quot;}\"><\/div>\n<p>&nbsp;<\/p>","protected":false},"excerpt":{"rendered":"<p><img decoding=\"async\" loading=\"lazy\" class=\"alignnone size-medium wp-image-235963\" src=\"https:\/\/www.rctvinternational.com\/wp-content\/uploads\/2024\/02\/GOMEZ-225x300.png\" alt=\"\" width=\"225\" height=\"300\" \/><\/p>\n<p><img decoding=\"async\" loading=\"lazy\" class=\"alignnone size-full wp-image-232350\" src=\"https:\/\/www.rctvinternational.com\/wp-content\/uploads\/2020\/10\/Sinopsis.png\" alt=\"\" width=\"125\" height=\"57\" \/><\/p>\n<p style=\"text-align: justify;\"><strong>Juan Vicente G\u00f3mez<\/strong> (<strong>Rafael Brice\u00f1o<\/strong>), es un hombre complejo y figura central en uno de los episodios m\u00e1s cruciales de la historia venezolana. En el auge de su r\u00e9gimen autoritario, G\u00f3mez ejerce su poder con una firmeza inquebrantable.<\/p>\n<p style=\"text-align: justify;\">De manera met\u00f3dica y organizada est\u00e1 asegurando su mandato. Sin embargo, son m\u00faltiples los conflictos que se desarrollan en el pa\u00eds debido a los encarcelamientos y desapariciones de aquellos que se oponen a su autoridad. En medio de este contexto, el relato se expande para revelar las vidas entrelazadas de quienes rodean al tirano, destacando especialmente la historia de su hermano Juancho, quien en el \u00e1mbito pol\u00edtico demuestra una lealtad inquebrantable hacia \u00e9l.<\/p>\n<p style=\"text-align: justify;\">En medio de la trama, Juancho se ve irremediablemente envuelto en un complicado tri\u00e1ngulo amoroso con Margarita, quien, aunque siente afecto por \u00e9l, se encuentra comprometida en matrimonio.<\/p>\n<p style=\"text-align: justify;\">G\u00f3mez, astuto y perspicaz, interviene en el conflicto pasional que empieza a formarse entre su hermano Juancho, Margarita y el esposo de la joven, Santos, un hombre con influencia y poder que tambi\u00e9n tiene lazos familiares con G\u00f3mez.<\/p>\n<p style=\"text-align: justify;\">El objetivo de G\u00f3mez al intervenir es tanto personal como pol\u00edtico, pues est\u00e1 consciente de los sentimientos que Juancho tiene hacia la joven y las consecuencias que esto puede acarrear. Su intenci\u00f3n es procurar que todo se mantenga en orden y al mismo tiempo asegurar que el respeto y porvenir pol\u00edtico de su hermano se mantenga intachable porque Juancho es esencial en el futuro del r\u00e9gimen que G\u00f3mez ha forjado.<\/p>\n<p style=\"text-align: justify;\">A medida que la trama se desenvuelve, se desentra\u00f1an capas de complejidad, revelando secretos, emociones y v\u00ednculos que moldear\u00e1n el desenlace de esta historia.<\/p>\n<p style=\"text-align: justify;\"><img decoding=\"async\" loading=\"lazy\" class=\"alignnone size-full wp-image-231431\" src=\"https:\/\/www.rctvinternational.com\/wp-content\/uploads\/2020\/04\/deberias-saber-que.jpg\" alt=\"\" width=\"265\" height=\"39\" \/><\/p>\n<p style=\"text-align: justify;\">\u00abG\u00f3mez\u00bb fue originalmente concebida como una serie de veinte cap\u00edtulos, siguiendo la norma de la \u00e9poca. Sin embargo, la abrumadora demanda del p\u00fablico y su impacto fenomenal en el rating superaron las expectativas iniciales. La producci\u00f3n se expandi\u00f3 inesperadamente, dividi\u00e9ndose en dos sets de 24 episodios cada uno.<\/p>\n<p style=\"text-align: justify;\">Esta joya cl\u00e1sica de la televisi\u00f3n, recientemente colorizada, ofrece una nueva dimensi\u00f3n visual a la trama, sumergiendo al espectador en una historia apasionante y llena de sorpresas.<\/p>","protected":false},"featured_media":235679,"template":"","meta":{"_et_pb_use_builder":"","_et_pb_old_content":"","_et_gb_content_width":""},"product_cat":[22],"product_tag":[1044,1040,745,1039,1045],"acf":[],"_links":{"self":[{"href":"https:\/\/www.rctvinternational.com\/en\/wp-json\/wp\/v2\/product\/235592"}],"collection":[{"href":"https:\/\/www.rctvinternational.com\/en\/wp-json\/wp\/v2\/product"}],"about":[{"href":"https:\/\/www.rctvinternational.com\/en\/wp-json\/wp\/v2\/types\/product"}],"wp:featuredmedia":[{"embeddable":true,"href":"https:\/\/www.rctvinternational.com\/en\/wp-json\/wp\/v2\/media\/235679"}],"wp:attachment":[{"href":"https:\/\/www.rctvinternational.com\/en\/wp-json\/wp\/v2\/media?parent=235592"}],"wp:term":[{"taxonomy":"product_cat","embeddable":true,"href":"https:\/\/www.rctvinternational.com\/en\/wp-json\/wp\/v2\/product_cat?post=235592"},{"taxonomy":"product_tag","embeddable":true,"href":"https:\/\/www.rctvinternational.com\/en\/wp-json\/wp\/v2\/product_tag?post=235592"}],"curies":[{"name":"wp","href":"https:\/\/api.w.org\/{rel}","templated":true}]}}