{"id":233279,"date":"2019-09-08T23:45:15","date_gmt":"2019-09-08T23:45:15","guid":{"rendered":"http:\/\/www.rctvinternational.com\/?post_type=product&#038;p=233279"},"modified":"2025-05-07T22:50:00","modified_gmt":"2025-05-07T22:50:00","slug":"libres-como-el-viento","status":"publish","type":"product","link":"https:\/\/www.rctvinternational.com\/en\/product\/libres-como-el-viento\/","title":{"rendered":"Libres Como El Viento"},"content":{"rendered":"<div style=\"width: 100%; min-height: 1px;\" id=\"vimeo-wc-video-69f447ca126a4\" data-js=\"vimeo-wc-video\" data-atts=\"{&quot;autopause&quot;:&quot;true&quot;,&quot;autoplay&quot;:false,&quot;background&quot;:false,&quot;byline&quot;:&quot;true&quot;,&quot;color&quot;:&quot;none&quot;,&quot;controls&quot;:&quot;true&quot;,&quot;dnt&quot;:&quot;true&quot;,&quot;height&quot;:&quot;none&quot;,&quot;id&quot;:false,&quot;loop&quot;:false,&quot;maxheight&quot;:&quot;none&quot;,&quot;maxwidth&quot;:&quot;none&quot;,&quot;muted&quot;:false,&quot;pip&quot;:false,&quot;playsinline&quot;:&quot;true&quot;,&quot;portrait&quot;:&quot;true&quot;,&quot;quality&quot;:&quot;auto&quot;,&quot;responsive&quot;:&quot;true&quot;,&quot;speed&quot;:false,&quot;texttrack&quot;:&quot;none&quot;,&quot;title&quot;:&quot;true&quot;,&quot;transparent&quot;:true,&quot;url&quot;:&quot;https:\\\/\\\/vimeo.com\\\/598853225&quot;,&quot;width&quot;:&quot;none&quot;}\"><\/div>\n<p>&nbsp;<\/p>","protected":false},"excerpt":{"rendered":"<p><img decoding=\"async\" loading=\"lazy\" class=\"alignnone size-medium wp-image-233361\" src=\"http:\/\/www.rctvinternational.com\/wp-content\/uploads\/2019\/09\/Claqeuta-Libres-como-el-viento-225x300.jpg\" alt=\"\" width=\"225\" height=\"300\" \/><\/p>\n<p><img decoding=\"async\" loading=\"lazy\" class=\"alignnone size-full wp-image-232350\" src=\"http:\/\/www.rctvinternational.com\/wp-content\/uploads\/2020\/10\/Sinopsis.png\" alt=\"\" width=\"125\" height=\"57\" \/><\/p>\n<p style=\"text-align: justify;\">Fabiola Azc\u00e1rate (<strong>Laura Chimaras<\/strong>), la Mu\u00f1eca, tiene intenciones dar un viraje a la vida campestre que lleva desde que tiene uso de raz\u00f3n, impuesta por su familia. Por eso vuelve a su pa\u00eds para ingresar en la Universidad y obtener un t\u00edtulo. En su regreso se reencuentra con Miguel \u00c1ngel Marino (<strong>Jonathan Montenegro<\/strong>), un enamorado de la infancia, quien tambi\u00e9n alberga deseos de superaci\u00f3n e ingresa en el mismo recinto educativo.<\/p>\n<p style=\"text-align: justify;\">Pero ese reencuentro est\u00e1 lejos de ser placentero gracias a Diego Bravo, un resentido l\u00edder de un movimiento estudiantil al cual pertenece Miguel \u00c1ngel. Cuando Diego se fija una meta, cualquier artima\u00f1a es v\u00e1lida para alcanzarla, por eso no son muchos los que se atreven a meterse en su camino pues, saben el destino que les depara. El poder que ostenta lo convierte en una figura muy temida en la universidad.<\/p>\n<p style=\"text-align: justify;\">Tan pronto conoce a Fabiola, Diego siente una gran atracci\u00f3n, pero la respuesta de ella no es la que esperaba. Dispuesta a confrontarlo, ella encara a Diego con valent\u00eda a pesar de que su vida corre peligro. Miguel \u00c1ngel decide intervenir, aunque no puede evitar un desenlace tr\u00e1gico por el que debe purgar condena.<\/p>\n<p>El amor de estos j\u00f3venes deber\u00e1 enfrentar la oposici\u00f3n familiar, la envidia de supuestos amigos y verdaderos enemigos.<\/p>\n<p style=\"text-align: justify;\"><img decoding=\"async\" loading=\"lazy\" class=\"alignnone wp-image-231431 size-full\" src=\"http:\/\/www.rctvinternational.com\/wp-content\/uploads\/2020\/04\/deberias-saber-que.jpg\" alt=\"\" width=\"265\" height=\"39\" \/><\/p>\n<p style=\"text-align: justify;\"><strong>Libres como el viento <\/strong>es una telenovela de <strong>RCTV<\/strong>, inspirada en la novela &#8216;La brizna de paja en el viento&#8217; de <strong>R\u00f3mulo Gallegos, <\/strong>que cont\u00f3 con excelente aceptaci\u00f3n por parte de la audiencia juvenil en Venezuela y en pa\u00edses como Honduras El Salvador, Estados Unidos, Puerto Rico y Espa\u00f1a.<\/p>","protected":false},"featured_media":233333,"template":"","meta":{"_et_pb_use_builder":"","_et_pb_old_content":"","_et_gb_content_width":""},"product_cat":[23],"product_tag":[515,518,514,513,388],"acf":[],"_links":{"self":[{"href":"https:\/\/www.rctvinternational.com\/en\/wp-json\/wp\/v2\/product\/233279"}],"collection":[{"href":"https:\/\/www.rctvinternational.com\/en\/wp-json\/wp\/v2\/product"}],"about":[{"href":"https:\/\/www.rctvinternational.com\/en\/wp-json\/wp\/v2\/types\/product"}],"wp:featuredmedia":[{"embeddable":true,"href":"https:\/\/www.rctvinternational.com\/en\/wp-json\/wp\/v2\/media\/233333"}],"wp:attachment":[{"href":"https:\/\/www.rctvinternational.com\/en\/wp-json\/wp\/v2\/media?parent=233279"}],"wp:term":[{"taxonomy":"product_cat","embeddable":true,"href":"https:\/\/www.rctvinternational.com\/en\/wp-json\/wp\/v2\/product_cat?post=233279"},{"taxonomy":"product_tag","embeddable":true,"href":"https:\/\/www.rctvinternational.com\/en\/wp-json\/wp\/v2\/product_tag?post=233279"}],"curies":[{"name":"wp","href":"https:\/\/api.w.org\/{rel}","templated":true}]}}