{"id":232197,"date":"2020-01-17T21:00:12","date_gmt":"2020-01-17T21:00:12","guid":{"rendered":"http:\/\/rctvinternational.com\/?post_type=product&#038;p=232197"},"modified":"2025-03-05T04:25:05","modified_gmt":"2025-03-05T04:25:05","slug":"el-venerable","status":"publish","type":"product","link":"https:\/\/www.rctvinternational.com\/en\/product\/el-venerable\/","title":{"rendered":"El Venerable"},"content":{"rendered":"<div style=\"width: 100%; min-height: 1px;\" id=\"vimeo-wc-video-69ef7cb6cf10e\" data-js=\"vimeo-wc-video\" data-atts=\"{&quot;autopause&quot;:&quot;true&quot;,&quot;autoplay&quot;:false,&quot;background&quot;:false,&quot;byline&quot;:&quot;true&quot;,&quot;color&quot;:&quot;none&quot;,&quot;controls&quot;:&quot;true&quot;,&quot;dnt&quot;:&quot;true&quot;,&quot;height&quot;:&quot;none&quot;,&quot;id&quot;:false,&quot;loop&quot;:false,&quot;maxheight&quot;:&quot;none&quot;,&quot;maxwidth&quot;:&quot;none&quot;,&quot;muted&quot;:false,&quot;pip&quot;:false,&quot;playsinline&quot;:&quot;true&quot;,&quot;portrait&quot;:&quot;true&quot;,&quot;quality&quot;:&quot;auto&quot;,&quot;responsive&quot;:&quot;true&quot;,&quot;speed&quot;:false,&quot;texttrack&quot;:&quot;none&quot;,&quot;title&quot;:&quot;true&quot;,&quot;transparent&quot;:true,&quot;url&quot;:&quot;https:\\\/\\\/vimeo.com\\\/460712783&quot;,&quot;width&quot;:&quot;none&quot;}\"><\/div>","protected":false},"excerpt":{"rendered":"<p style=\"text-align: justify;\"><img decoding=\"async\" loading=\"lazy\" class=\"alignnone wp-image-232538 size-medium\" src=\"http:\/\/www.rctvinternational.com\/wp-content\/uploads\/2020\/11\/Claqueta-El-Venerable-02-02-20-291x300.png\" alt=\"\" width=\"291\" height=\"300\" \/><\/p>\n<p style=\"text-align: justify;\"><span style=\"font-family: 'trebuchet ms', geneva, sans-serif;\"><img decoding=\"async\" loading=\"lazy\" class=\"alignnone size-full wp-image-232350\" src=\"http:\/\/www.rctvinternational.com\/wp-content\/uploads\/2020\/10\/Sinopsis.png\" alt=\"\" width=\"125\" height=\"57\" \/><\/span><\/p>\n<p style=\"text-align: justify;\"><strong>Jos\u00e9 Gregorio Hern\u00e1ndez<\/strong> (<strong>Flavio Caballero<\/strong>) fue un m\u00e9dico que dedic\u00f3 su vida al servicio de los pobres, los enfermos y despose\u00eddos en tiempos en que nadie los tomaba en cuenta.<\/p>\n<p style=\"text-align: justify;\">A diario atend\u00eda a gran cantidad de personas que requer\u00edan de sus servicios sin cobrar honorarios, lo que le produjo gran fama en la poblaci\u00f3n.<\/p>\n<p style=\"text-align: justify;\">Hay quienes aseguran que ofreci\u00f3 su vida a Dios por el bien de la humanidad, pocos d\u00edas despu\u00e9s fue v\u00edctima de un accidente de tr\u00e1nsito en el que perdi\u00f3 la vida. A partir de ese momento son numerosos los milagros que se le atribuyen. Es entonces cuando entre sus admiradores comenz\u00f3 una veneraci\u00f3n que se ha extendido hasta nuestros d\u00edas.<\/p>\n<p style=\"text-align: justify;\">Muchas personas afirman que El Venerable se les aparece en los sue\u00f1os, con su vestimenta caracter\u00edstica, los calma con sus palabras y procede a curarlos. Al despertar, el padecimiento del enfermo simplemente desaparece, sin una explicaci\u00f3n cient\u00edficamente razonable.<\/p>\n<p style=\"text-align: justify;\">La fama del <strong>Dr. Jos\u00e9 Gregorio Hern\u00e1ndez<\/strong> por su capacidad de curar pacientes en estado terminal, que sobrepasa el raciocinio cient\u00edfico, le sum\u00f3 adeptos que lo incluyen en rituales esot\u00e9ricos, lo que cre\u00f3 mucha controversia entre sus seguidores cat\u00f3licos.<\/p>\n<p style=\"text-align: justify;\">Sin embargo, en junio de 2020, el <strong>Papa Francisco<\/strong> autoriz\u00f3 la canonizaci\u00f3n del Dr. Jos\u00e9 Gregorio Hern\u00e1ndez, un hecho que sus m\u00e1s fervientes seguidores esperaron por d\u00e9cadas.<\/p>\n<p><img decoding=\"async\" loading=\"lazy\" class=\"alignnone wp-image-231431 size-full\" src=\"http:\/\/www.rctvinternational.com\/wp-content\/uploads\/2020\/04\/deberias-saber-que.jpg\" alt=\"\" width=\"265\" height=\"39\" \/><\/p>\n<p style=\"text-align: justify;\"><strong>El Venerable<\/strong> capt\u00f3 el inter\u00e9s de la audiencia de Per\u00fa, Ecuador, Panam\u00e1, Indonesia, Estados Unidos, Honduras y lugares tan lejanos como: Rusia, Uzbekist\u00e1n y Bielorrusia.<\/p>","protected":false},"featured_media":236997,"template":"","meta":{"_et_pb_use_builder":"","_et_pb_old_content":"","_et_gb_content_width":""},"product_cat":[24],"product_tag":[386,243,387,388],"acf":[],"_links":{"self":[{"href":"https:\/\/www.rctvinternational.com\/en\/wp-json\/wp\/v2\/product\/232197"}],"collection":[{"href":"https:\/\/www.rctvinternational.com\/en\/wp-json\/wp\/v2\/product"}],"about":[{"href":"https:\/\/www.rctvinternational.com\/en\/wp-json\/wp\/v2\/types\/product"}],"wp:featuredmedia":[{"embeddable":true,"href":"https:\/\/www.rctvinternational.com\/en\/wp-json\/wp\/v2\/media\/236997"}],"wp:attachment":[{"href":"https:\/\/www.rctvinternational.com\/en\/wp-json\/wp\/v2\/media?parent=232197"}],"wp:term":[{"taxonomy":"product_cat","embeddable":true,"href":"https:\/\/www.rctvinternational.com\/en\/wp-json\/wp\/v2\/product_cat?post=232197"},{"taxonomy":"product_tag","embeddable":true,"href":"https:\/\/www.rctvinternational.com\/en\/wp-json\/wp\/v2\/product_tag?post=232197"}],"curies":[{"name":"wp","href":"https:\/\/api.w.org\/{rel}","templated":true}]}}